{"id":1362,"date":"2015-07-20T11:05:17","date_gmt":"2015-07-20T09:05:17","guid":{"rendered":"https:\/\/fertix.es\/?page_id=1362"},"modified":"2021-10-29T11:16:56","modified_gmt":"2021-10-29T09:16:56","slug":"drefens-fe","status":"publish","type":"page","link":"https:\/\/fertix.es\/fr\/productos\/correctores-de-carencias-de-aplicacion-radicular\/drefens-fe\/","title":{"rendered":"Drefens Fe"},"content":{"rendered":"<p>[et_pb_section fb_built=\"1\u2033 _builder_version=\"4.11.0\u2033 background_image=\"https:\/\/fertix.es\/wp-content\/uploads\/2021\/10\/img-cabecera-catalogos.jpeg\" global_colors_info=\"{}\"][et_pb_row _builder_version=\"4.11.0\u2033 _module_preset=\"default\" global_colors_info=\"{}\"][et_pb_column type=\"4_4\u2033 _builder_version=\"4.11.0\u2033 _module_preset=\"default\" global_colors_info=\"{}\"][et_pb_text _builder_version=\"4.11.1\u2033 _module_preset=\"default\" global_colors_info=\"{}\"]<\/p>\n<h1 style=\"text-align: center; font-size: 50px; color: white;\">Drefens FE 5<\/h1>\n<h3 style=\"text-align: center; text-decoration: none; color: white;\">Ch\u00e9late de fer pour application racinaire<\/h3>\n<p>[\/et_pb_text][\/et_pb_column][\/et_pb_row][\/et_pb_section][et_pb_section fb_built=\"1\u2033 _builder_version=\"4.11.0\u2033 _module_preset=\"default\" global_colors_info=\"{}\"][et_pb_row column_structure=\"1_2,1_2\u2033 _builder_version=\"4.11.0\u2033 _module_preset=\"default\" global_colors_info=\"{}\"][et_pb_column type=\"1_2\u2033 _builder_version=\"4.11.0\u2033 _module_preset=\"default\" global_colors_info=\"{}\"][et_pb_text _builder_version=\"4.11.0\u2033 _module_preset=\"default\" global_colors_info=\"{}\"]<nav aria-label=\"chapelure\" class=\"rank-math-breadcrumb\"><p><span class=\"last\">Accueil<\/span><\/p><\/nav>[\/et_pb_text][et_pb_image src=\"https:\/\/fertix.es\/wp-content\/uploads\/2021\/10\/fertix-drefens-fe-5_2-min.jpeg\" title_text=\"fertix-drefens-fe-5_2-min\" _builder_version=\"4.11.1\u2033 _module_preset=\"default\" hover_enabled=\"0\u2033 box_shadow_style=\"preset3\u2033 global_colors_info=\"{}\" sticky_enabled=\"0\u2033][\/et_pb_image][\/et_pb_column][\/et_pb_column][et_pb_column type=\"1_2\u2033 _builder_version=\"4.11.0\u2033 _module_preset=\"default\" global_colors_info=\"{}\"][et_pb_text _builder_version=\"4.11.1\u2033 _module_preset=\"default\" custom_margin=\"|||10px||false|false\" global_colors_info=\"{}\"]]<\/p>\n<div style=\"display: flex; flex-direction: row: justify-content: flex-start; align-items: center; flex-wrap: nowrap;\">\n<div>\n<h2>Drefens fe 5<\/h2>\n<\/div>\n<\/div>\n<p>[\/et_pb_text][et_pb_text _builder_version=\"4.11.1\u2033 _module_preset=\"default\" global_colors_info=\"{}\"]<\/p>\n<h4 style=\"line-height: 1.3em;\">Ch\u00e9late de fer pour application racinaire.<\/h4>\n<p>DREFENS FE 5 est un ch\u00e9late de fer avec une teneur en fer de 6% et une teneur en isom\u00e8re ortho-ortho de 5%. Il corrige les carences en fer caus\u00e9es par un manque de disponibilit\u00e9 du fer. Son utilisation est indiqu\u00e9e pour les cultures r\u00e9alis\u00e9es dans des zones \u00e0 forte teneur en calcaire actif dans le sol et \u00e0 pH \u00e9lev\u00e9 et qui provoquent le blocage du fer, o\u00f9 il se trouve sous forme insoluble.[\/et_pb_text][et_pb_code _builder_version=\"4.11.1\u2033 _module_preset=\"default\" global_colors_info=\"{}\"][\/et_pb_code][et_pb_accordion open_toggle_background_color=\"RGBA(0,0,0,0)\" closed_toggle_background_color=\"RGBA(0,0,0,0,0,0)\" icon_color=\"#dd742e\" use_icon_font_size=\"on\" icon_font_size=\"28px\" _builder_version=\"4.11.1\u2033 _module_preset=\"default\" global_colors_info=\"{}\"][et_pb_accordion_item title=\"COMPOSITION\" _builder_version=\"4.11.1\u2033 _module_preset=\"default\" global_colors_info=\"{}\" open=\"on\"]<\/p>\n<div style=\"display: flex; flex-direction: row; justify-content: space-between; align-items: flex-start; flex-wrap: nowrap; line-height: 1.2em;\">\n<div style=\"text-align: left;\">\n<p>Fer (Fe) EDDHA<\/p>\n<p>Fer ch\u00e9lat\u00e9 (Fe) isom\u00e8re ortho-ortho<\/p>\n<\/div>\n<div style=\"text-align: right;\">\n<p>6% p\/p<\/p>\n<p>5% p\/p<\/p>\n<\/div>\n<\/div>\n<p style=\"text-align: left;\"><strong><\/strong><\/p>\n<p style=\"text-align: left;\"><strong><\/strong><\/p>\n<p style=\"text-align: left;\"><strong>Contenu ortho-ortho \"Minimum garanti\".<br \/><\/strong><\/p>\n<p>[\/et_pb_accordion_item][et_pb_accordion_item title=\"POSOLOGIE ET MODE D'EMPLOI\" open=\"off\" _builder_version=\"4.11.1\u2033 _module_preset=\"default\" global_colors_info=\"{}\"]<\/p>\n<h6>Application de la racine :<\/h6>\n<p>Application racinaire 12-24 Kgs\/Ha. Pour un dosage plus pr\u00e9cis, consultez l'\u00e9tiquette.<\/p>\n<p>&nbsp;<\/p>\n<h6>TAILLES DISPONIBLES<\/h6>\n<div style=\"display: flex; flex-direction: row; justify-content: flex-start; align-items: baseline;\">\n<div><img decoding=\"async\" class=\"garrafa\" src=\"\/wp-content\/uploads\/2021\/10\/5KG-BOLSA.png\" \/><\/div>\n<\/div>\n<p>[\/et_pb_accordion_item][\/et_pb_accordion][et_pb_button button_url=\"#form-gral\" button_text=\"REQUEST MORE INFORMATION\" _builder_version=\"4.11.1\u2033 _module_preset=\"default\" custom_css_main_element=\"width : 100% ;\" global_colors_info=\"{}\"][\/et_pb_button][\/et_pb_column][\/et_pb_row][\/et_pb_section][et_pb_section fb_built=\"1\u2033 _builder_version=\"4.11.0\u2033 _module_preset=\"default\" global_colors_info=\"{}\"][et_pb_row _builder_version=\"4.11.0\u2033 _module_preset=\"default\" width=\"980px\" max_width=\"80%\" global_colors_info=\"{}\"][et_pb_column type=\"4_4\u2033 _builder_version=\"4.10.8\u2033 _module_preset=\"default\" global_colors_info=\"{}\"] [et_pb_text _builder_version=\"4.11.0\u2033 _module_preset=\"default\" global_colors_info=\"{}\"]<\/p>\n<h2 style=\"text-align: center\">PRODUITS CONNEXES<\/h2>\n<p>[\/et_pb_text][\/et_pb_column][\/et_pb_row][et_pb_row column_structure=\"1_3,1_3,1_3\u2033 _builder_version=\"4.11.0\u2033 _module_preset=\"default\" custom_padding=\"5px|||||\" global_colors_info=\"{}\"][et_pb_column type=\"1_3\u2033 _builder_version=\"4.11.0\u2033 _module_preset=\"default\" global_colors_info=\"{}\"][et_pb_blurb url=\"\/products\/radicular-application-fault-correctors\/cuprofert\/\" url_new_window=\"on\" image=\"https:\/\/fertix.fr\/wp-content\/uploads\/2021\/10\/fertix-cuprofert.jpg\" _builder_version=\"4.11.1\u2033 _module_preset=\"default\" text_orientation=\"center\" global_module=\"3506\u2033 saved_tabs=\"all\" global_colors_info=\"{}\"]<\/p>\n<h4 style=\"text-align: center;\">Cuprofert<\/h4>\n<p style=\"text-align: center;\"><span class=\"tag-producto correctores\"><a href=\"\/fr\/productos\/correctores-de-carencias-aplicacion-foliar\/\" style=\"color: var(--azul-correctores-fertix);\">Correcteurs<\/a><\/span><\/p>\n<p class=\"p1\" style=\"text-align: center;\">Solution d'engrais \u00e0 base de cuivre.<\/p>\n<p><img decoding=\"async\" style=\"width: 75px; display: block; margin-left: auto; margin-right: auto;\" src=\"https:\/\/fertix.es\/wp-content\/uploads\/2021\/10\/logo-eco-fertix-fra.png\" \/><\/p>\n<p>[\/et_pb_blurb][\/et_pb_column][et_pb_column type=\"1_3\u2033 _builder_version=\"4.11.0\u2033 _module_preset=\"default\" global_colors_info=\"{}\"][et_pb_blurb url=\"\/products\/correcteurs-de-radiculaires-application-features\/greener-mn\/\" url_new_window=\"on\" image=\"https:\/\/fertix.fr\/wp-content\/uploads\/2021\/10\/fertix-greener-mn.jpg\" _builder_version=\"4.11.1\u2033 _module_preset=\"default\" text_orientation=\"center\" global_module=\"3507\u2033 saved_tabs=\"all\" global_colors_info=\"{}\"]<\/p>\n<h4>Greener MN<\/h4>\n<p><span class=\"tag-producto correctores\"><a href=\"\/fr\/productos\/correctores-de-carencias-aplicacion-foliar\/\" style=\"color: var(--azul-correctores-fertix);\">Correcteurs<\/a><\/span><\/p>\n<p class=\"p1\">Ch\u00e9late d'edta de mangan\u00e8se pour application foliaire et racinaire.<\/p>\n<p>[\/et_pb_blurb][\/et_pb_column][et_pb_column type=\"1_3\u2033 _builder_version=\"4.11.0\u2033 _module_preset=\"default\" global_colors_info=\"{}\"][et_pb_blurb url=\"\/products\/correctors-of-radicular-application-features\/greener-zn\/\" url_new_window=\"on\" image=\"https:\/\/fertix.fr\/wp-content\/uploads\/2021\/10\/fertix-greener-zn.jpg\" _builder_version=\"4.11.1\u2033 _module_preset=\"default\" text_orientation=\"center\" global_module=\"3508\u2033 saved_tabs=\"all\" global_colors_info=\"{}\"]<\/p>\n<h4>Greener ZN<\/h4>\n<p><span class=\"tag-producto correctores\"><a href=\"\/fr\/productos\/correctores-de-carencias-aplicacion-foliar\/\" style=\"color: var(--azul-correctores-fertix);\">Correcteurs<\/a><\/span><\/p>\n<p class=\"p1\">Ch\u00e9late de zinc EDTA pour application foliaire et racinaire.<\/p>\n<p>[\/et_pb_blurb][\/et_pb_column][\/et_pb_row][\/et_pb_section][et_pb_section fb_built=\"1\u2033 _builder_version=\"4.11.0\u2033 _module_preset=\"default\" global_colors_info=\"{}\"][et_pb_row module_class=\"cta-code\" _builder_version=\"4.11.1\u2033 _module_preset=\"default\" width=\"100vw\" max_width=\"100vw\" module_alignment=\"center\" module_alignment_tablet=\"\" module_alignment_phone=\"\" module_alignment_last_edited=\"on|phone\" custom_css_main_element=\"overflow-x:hidden;||width : 100vw !important;|||max-width : 100% ;\" global_module=\"3161\u2033 saved_tabs=\"all\" global_colors_info=\"{}\"][et_pb_column type=\"4_4\u2033 _builder_version=\"4.10.8\u2033 _module_preset=\"default\" global_colors_info=\"{}\"][et_pb_code _builder_version=\"4.11.1\u2033 _module_preset=\"default\" global_colors_info=\"{}\"]<\/p>\n<div class=\"cta_main\"><!-- [et_pb_line_break_holder] -->  <\/p>\n<div class=\"cta_main-img\"><!-- [et_pb_line_break_holder] -->    <img decoding=\"async\" src=\"\/wp-content\/uploads\/2021\/09\/fertix-request-catalogues-1.png\" style=\"width:450px; height:auto\"\/><!-- [et_pb_line_break_holder] -->    <!-- [et_pb_line_break_holder] -->  <\/div>\n<p><!-- [et_pb_line_break_holder] -->  <\/p>\n<div class=\"cta_main-text\"><!-- [et_pb_line_break_holder] -->    <!-- [et_pb_line_break_holder] --><!-- [et_pb_line_break_holder] -->  <\/p>\n<div><!-- [et_pb_line_break_holder] -->    <\/p>\n<h3 class=\"cta_main-text\" style=\"text-transform:none; line-height: 1.3em;\"><!-- [et_pb_line_break_holder] -->      Fertix 2021 Catalogues d'engrais et de fertilisants.<!-- [et_pb_line_break_holder] -->    <\/h3>\n<p><!-- [et_pb_line_break_holder] -->    <pee style=\"line-height: 1.5em;\"><!-- [et_pb_line_break_holder] -->      Consultez toutes nos familles de produits en demandant nos catalogues.<!-- [et_pb_line_break_holder] -->    <\/pee><!-- [et_pb_line_break_holder] -->  <!\u2013- [et_pb_br_holder] -\u2013><!-- [et_pb_line_break_holder] -->    <!\u2013- [et_pb_br_holder] -\u2013><!-- [et_pb_line_break_holder] -->  <\/div>\n<p><!-- [et_pb_line_break_holder] -->    <!-- [et_pb_line_break_holder] -->    <\/p>\n<div class=\"et_pb_button_module_wrapper et_pb_button_0_wrapper  et_pb_module\"><!-- [et_pb_line_break_holder] -->\t\t\t\t<a class=\"et_pb_button et_pb_button_0 et_pb_bg_layout_dark\" href=\"\/fr\/catalogo\/\">Demande de catalogue<\/a><!-- [et_pb_line_break_holder] -->\t\t\t<\/div>\n<p><!-- [et_pb_line_break_holder] --><!-- [et_pb_line_break_holder] --><\/div>\n<p><!-- [et_pb_line_break_holder] --><\/div>\n<p>[\/et_pb_code][\/et_pb_column][\/et_pb_row][\/et_pb_section][et_pb_section fb_built=\"1\u2033 admin_label=\"section\" _builder_version=\"3.22\u2033 global_colors_info=\"{}\"][et_pb_row module_id=\"form-gral\" _builder_version=\"4.11.1\u2033 _module_preset=\"default\" global_module=\"3141\u2033 saved_tabs=\"all\" global_colors_info=\"{}\"][et_pb_column type=\"4_4\u2033 _builder_version=\"4.11.0\u2033 _module_preset=\"default\" global_colors_info=\"{}\"][et_pb_text _builder_version=\"4.11.0\u2033 _module_preset=\"default\" global_colors_info=\"{}\"]<\/p>\n<h2>Demande d'informations suppl\u00e9mentaires<\/h2>\n<p>\nSi vous avez besoin de plus d'informations sur le produit, sa fiche technique et\/ou sa fiche de donn\u00e9es de s\u00e9curit\u00e9, vous pouvez les demander en utilisant le formulaire suivant.\n<\/p>\n<p>[\/et_pb_text][et_pb_contact_form use_spam_service=\u00bbon\u00bb recaptcha_list=\u00bbDefault|Default-0&#8243; email=\u00bbinfo@fertix.es\u00bb success_message=\u00bb\u00a1Gracias por contactar con nosotros! \u00bb module_class=\u00bbet-float-labels\u00bb _builder_version=\u00bb4.11.1&#8243; _module_preset=\u00bbdefault\u00bb form_field_background_color=\u00bbRGBA(0,0,0,0)\u00bb form_field_custom_margin=\u00bb1.5px||||false|false\u00bb form_field_custom_padding=\u00bb0.5em||0.5em||true|false\u00bb form_field_font_size=\u00bb1em\u00bb form_field_line_height=\u00bb1.5em\u00bb border_width_bottom=\u00bb1px\u00bb global_colors_info=\u00bb{}\u00bb][et_pb_contact_field field_id=\u00bbName\u00bb field_title=\u00bbNombre y Apellidos \u00bb _builder_version=\u00bb4.11.0&#8243; global_colors_info=\u00bb{}\u00bb button_text_size__hover_enabled=\u00bboff\u00bb button_one_text_size__hover_enabled=\u00bboff\u00bb button_two_text_size__hover_enabled=\u00bboff\u00bb button_text_color__hover_enabled=\u00bboff\u00bb button_one_text_color__hover_enabled=\u00bboff\u00bb button_two_text_color__hover_enabled=\u00bboff\u00bb button_border_width__hover_enabled=\u00bboff\u00bb button_one_border_width__hover_enabled=\u00bboff\u00bb button_two_border_width__hover_enabled=\u00bboff\u00bb button_border_color__hover_enabled=\u00bboff\u00bb button_one_border_color__hover_enabled=\u00bboff\u00bb button_two_border_color__hover_enabled=\u00bboff\u00bb button_border_radius__hover_enabled=\u00bboff\u00bb button_one_border_radius__hover_enabled=\u00bboff\u00bb button_two_border_radius__hover_enabled=\u00bboff\u00bb button_letter_spacing__hover_enabled=\u00bboff\u00bb button_one_letter_spacing__hover_enabled=\u00bboff\u00bb button_two_letter_spacing__hover_enabled=\u00bboff\u00bb button_bg_color__hover_enabled=\u00bboff\u00bb button_one_bg_color__hover_enabled=\u00bboff\u00bb button_two_bg_color__hover_enabled=\u00bboff\u00bb][\/et_pb_contact_field][et_pb_contact_field field_id=\u00bbEmail\u00bb field_title=\u00bbDirecci\u00f3n de correo electr\u00f3nico\u00bb field_type=\u00bbemail\u00bb _builder_version=\u00bb3.16&#8243; global_colors_info=\u00bb{}\u00bb button_text_size__hover_enabled=\u00bboff\u00bb button_one_text_size__hover_enabled=\u00bboff\u00bb button_two_text_size__hover_enabled=\u00bboff\u00bb button_text_color__hover_enabled=\u00bboff\u00bb button_one_text_color__hover_enabled=\u00bboff\u00bb button_two_text_color__hover_enabled=\u00bboff\u00bb button_border_width__hover_enabled=\u00bboff\u00bb button_one_border_width__hover_enabled=\u00bboff\u00bb button_two_border_width__hover_enabled=\u00bboff\u00bb button_border_color__hover_enabled=\u00bboff\u00bb button_one_border_color__hover_enabled=\u00bboff\u00bb button_two_border_color__hover_enabled=\u00bboff\u00bb button_border_radius__hover_enabled=\u00bboff\u00bb button_one_border_radius__hover_enabled=\u00bboff\u00bb button_two_border_radius__hover_enabled=\u00bboff\u00bb button_letter_spacing__hover_enabled=\u00bboff\u00bb button_one_letter_spacing__hover_enabled=\u00bboff\u00bb button_two_letter_spacing__hover_enabled=\u00bboff\u00bb button_bg_color__hover_enabled=\u00bboff\u00bb button_one_bg_color__hover_enabled=\u00bboff\u00bb button_two_bg_color__hover_enabled=\u00bboff\u00bb][\/et_pb_contact_field][et_pb_contact_field field_id=\u00bbTelf\u00bb field_title=\u00bbTel\u00e9fono\u00bb _builder_version=\u00bb4.11.0&#8243; _module_preset=\u00bbdefault\u00bb global_colors_info=\u00bb{}\u00bb][\/et_pb_contact_field][et_pb_contact_field field_id=\u00bbEmpresa\u00bb field_title=\u00bbEmpresa\u00bb _builder_version=\u00bb4.11.0&#8243; _module_preset=\u00bbdefault\u00bb global_colors_info=\u00bb{}\u00bb][\/et_pb_contact_field][et_pb_contact_field field_id=\u00bbCiudad\u00bb field_title=\u00bbCiudad\u00bb _builder_version=\u00bb4.11.0&#8243; _module_preset=\u00bbdefault\u00bb global_colors_info=\u00bb{}\u00bb][\/et_pb_contact_field][et_pb_contact_field field_id=\u00bbPais\u00bb field_title=\u00bbPa\u00eds\u00bb _builder_version=\u00bb4.11.0&#8243; _module_preset=\u00bbdefault\u00bb global_colors_info=\u00bb{}\u00bb][\/et_pb_contact_field][et_pb_contact_field field_id=\u00bbMessage\u00bb field_title=\u00bbMensaje\u00bb field_type=\u00bbtext\u00bb fullwidth_field=\u00bbon\u00bb _builder_version=\u00bb3.16&#8243; global_colors_info=\u00bb{}\u00bb button_text_size__hover_enabled=\u00bboff\u00bb button_one_text_size__hover_enabled=\u00bboff\u00bb button_two_text_size__hover_enabled=\u00bboff\u00bb button_text_color__hover_enabled=\u00bboff\u00bb button_one_text_color__hover_enabled=\u00bboff\u00bb button_two_text_color__hover_enabled=\u00bboff\u00bb button_border_width__hover_enabled=\u00bboff\u00bb button_one_border_width__hover_enabled=\u00bboff\u00bb button_two_border_width__hover_enabled=\u00bboff\u00bb button_border_color__hover_enabled=\u00bboff\u00bb button_one_border_color__hover_enabled=\u00bboff\u00bb button_two_border_color__hover_enabled=\u00bboff\u00bb button_border_radius__hover_enabled=\u00bboff\u00bb button_one_border_radius__hover_enabled=\u00bboff\u00bb button_two_border_radius__hover_enabled=\u00bboff\u00bb button_letter_spacing__hover_enabled=\u00bboff\u00bb button_one_letter_spacing__hover_enabled=\u00bboff\u00bb button_two_letter_spacing__hover_enabled=\u00bboff\u00bb button_bg_color__hover_enabled=\u00bboff\u00bb button_one_bg_color__hover_enabled=\u00bboff\u00bb button_two_bg_color__hover_enabled=\u00bboff\u00bb][\/et_pb_contact_field][et_pb_contact_field field_id=\u00bbPrivacy_Policy\u00bb field_title=\u00bbPor favor, revise los t\u00e9rminos y condiciones de nuestra Pol\u00edtica de Privacidad\u00bb field_type=\u00bbcheckbox\u00bb checkbox_options=\u00bb%91{%22value%22:%22He le\u00eddo y comprendido la %22,%22checked%22:0,%22dragID%22:-1,%22link_url%22:%22\/politica-de-privacidad\/%22,%22link_text%22:%22Pol\u00edtica de privacidad%22}%93&#8243; fullwidth_field=\u00bbon\u00bb _builder_version=\u00bb4.11.1&#8243; _module_preset=\u00bbdefault\u00bb global_colors_info=\u00bb{}\u00bb][\/et_pb_contact_field][\/et_pb_contact_form][\/et_pb_column][\/et_pb_row][\/et_pb_section]<\/p>","protected":false},"excerpt":{"rendered":"<p>Ch\u00e9late de fer Drefens FE 5 pour application racinaire<nav aria-label=\"chapelure\" class=\"rank-math-breadcrumb\"><p><span class=\"last\">Accueil<\/span><\/p><\/nav> Drefens fe 5 Ch\u00e9late de fer pour application racinaire. DREFENS FE 5 est un ch\u00e9late de fer avec une teneur en fer de 6% et une teneur en isom\u00e8re ortho-ortho de 5%. Il corrige les carences en fer caus\u00e9es par un manque de disponibilit\u00e9 du fer. [...]<\/p>","protected":false},"author":2,"featured_media":0,"parent":181,"menu_order":0,"comment_status":"closed","ping_status":"closed","template":"","meta":{"_et_pb_use_builder":"on","_et_pb_old_content":"<!--:es-->\n<h5 style=\"text-align: left;\"><img class=\"alignnone wp-image-2550 size-full\" src=\"https:\/\/fertix.es\/wp-content\/uploads\/2015\/05\/drefensfe6001.jpg\" alt=\"\" width=\"502\" height=\"50\" \/>\n<strong><span style=\"color: #008080;\">QUELATO DE HIERRO PARA APLICACI\u00d3N RADICULAR<\/span><\/strong><\/h5>\n\n<hr \/>\n\n<h5 style=\"text-align: left;\">\u00a0[tx_spacer size=\"2\"]<\/h5>\n<img class=\"alignright size-full wp-image-1638\" src=\"https:\/\/fertix.es\/wp-content\/uploads\/2015\/07\/cuadro.jpg\" alt=\"cuadro\" width=\"340\" height=\"367\" \/>\n\n<span style=\"color: #008080;\"><strong>DESCRIPCI\u00d3N<\/strong><\/span>\n<p style=\"text-align: justify;\"><span style=\"color: #000000;\">Drefens Fe y Drefens Fe 4\u20198 son quelatos de hierro con un contenido del\u00a0 6% de Hierro y un contenido del 4% y del 4\u20198% en is\u00f3mero orto-orto. Corrige las carencias de hierro provocadas por una falta de disponibilidad de hierro. Su aplicaci\u00f3n est\u00e1 indicada en los cultivos que se encuentren en zonas con altos contenidos en caliza activa del terreno y Ph elevados.<\/span><\/p>\n<p style=\"text-align: justify;\"><span style=\"color: #008000;\"><strong>\n<span style=\"color: #008080;\">COMPOSICI\u00d3N<\/span><\/strong><\/span><\/p>\n<p style=\"text-align: justify;\"><strong><span style=\"color: #0000ff;\">DREFENS Fe<\/span><\/strong><\/p>\n<span style=\"color: #000000;\">Hierro (Fe) soluble en agua y quelado por EDDHA \u00a0 \u00a0 \u00a0 \u00a0 \u00a0 \u00a06% p\/p<\/span>\n<span style=\"color: #000000;\">Hierro (Fe) quelado por orto-orto EDDHA \u00a0 \u00a0 \u00a0 \u00a0 \u00a0 \u00a0 \u00a0 \u00a0 \u00a0 \u00a0 \u00a0 \u00a0 4% p\/p \u00a0<\/span>\n\n<span style=\"color: #0000ff;\"><strong>DREFENS Fe 4.8<\/strong><\/span>\n\n<span style=\"color: #000000;\">Hierro (Fe) soluble en agua y quelado por EDDHA \u00a0 \u00a0 \u00a0 \u00a0 \u00a0 \u00a06% p\/p<\/span>\n<span style=\"color: #000000;\">Hierro (Fe) quelado por orto-orto EDDHA \u00a0 \u00a0 \u00a0 \u00a0 \u00a0 \u00a0 \u00a0 \u00a0 \u00a0 \u00a0 \u00a04,8% p\/p<\/span>\n\n<span style=\"color: #000000;\">Contenidos en orto-orto \u201cM\u00ednimo garantizado\u201d<\/span>\n\n[tx_divider size=\"24\"][tx_row][tx_column size=\"1\/2\"]\n\n[table caption=\" \" width=\"600\" colwidth=\"150|100|100|100\" colalign=\"center|center|center|center\" color=\"\"]\n\n<strong>CULTIVO,MANTENIMIENTO,CARENCIAS LIGERAS,CARENCIAS FUERTES<\/strong>\n<strong>C\u00edtricos y frutales<\/strong>, , ,\nPlantones,5-7 g\/pie,7-15 g\/pie,12-18 g\/pie\nArboles en producci\u00f3n,10-15 g\/pie,15-25 g\/pie,25-35 g\/pie\nArboles en plena producci\u00f3n,20-35 g\/pie,40-60 g\/pie,60-100 g\/pie\n<strong>Olivo y almendro<\/strong>,20-25 g\/pie,25-40 g\/pie,40-60 g\/pie\n<strong>Parral<\/strong>,5-7 g\/pie,7-10 g\/pie,10-20 g\/pie\n<strong>Vid<\/strong>,3-4g\/pie,4-6 g\/pie,6-10 g\/pie\n[\/table]\n[\/tx_column][tx_column size=\"1\/2\"]\n<p style=\"text-align: right;\"><strong><a href=\"https:\/\/fertix.es\/contacto\/\" target=\"_blank\" rel=\"noopener\">Solicitar Ficha de Seguridad\n<\/a><\/strong><strong><a href=\"https:\/\/fertix.es\/contacto\/\" target=\"_blank\" rel=\"noopener\">Solicitar Ficha T\u00e9cnica<\/a><\/strong><\/p>\n\n<h3 style=\"text-align: right;\"><span style=\"color: #0000ff;\">Envase\u00a05 Kg<\/span><\/h3>\n[\/tx_column][\/tx_row]<!--:--><!--:en-->\n\n<!--:-->","_et_gb_content_width":"","footnotes":""},"class_list":["post-1362","page","type-page","status-publish","hentry"],"yoast_head":"<!-- This site is optimized with the Yoast SEO plugin v26.9 - https:\/\/yoast.com\/product\/yoast-seo-wordpress\/ -->\n<title>Drefens Fe - Fertix Nutrici\u00f3n Vegetal S.L.<\/title>\n<meta name=\"robots\" content=\"index, follow, max-snippet:-1, max-image-preview:large, max-video-preview:-1\" \/>\n<link rel=\"canonical\" href=\"https:\/\/fertix.es\/fr\/productos\/correctores-de-carencias-de-aplicacion-radicular\/drefens-fe\/\" \/>\n<meta property=\"og:locale\" content=\"fr_FR\" \/>\n<meta property=\"og:type\" content=\"article\" \/>\n<meta property=\"og:title\" content=\"Drefens Fe - Fertix Nutrici\u00f3n Vegetal S.L.\" \/>\n<meta property=\"og:description\" content=\"Drefens FE 5 Quelato de hierro para aplicaci\u00f3n radicular Drefens fe 5 Quelato de hierro para aplicaci\u00f3n radicular. DREFENS FE 5 es un quelato de Hierro con un contenido del 6% de Hierro y un contenido del 5% en is\u00f3mero orto-orto. Corrige las carencias de hierro provocadas por una falta de disponibilidad de este elemento. [&hellip;]\" \/>\n<meta property=\"og:url\" content=\"https:\/\/fertix.es\/fr\/productos\/correctores-de-carencias-de-aplicacion-radicular\/drefens-fe\/\" \/>\n<meta property=\"og:site_name\" content=\"Fertix Nutrici\u00f3n Vegetal S.L.\" \/>\n<meta property=\"article:modified_time\" content=\"2021-10-29T09:16:56+00:00\" \/>\n<meta name=\"twitter:card\" content=\"summary_large_image\" \/>\n<meta name=\"twitter:label1\" content=\"Dur\u00e9e de lecture estim\u00e9e\" \/>\n\t<meta name=\"twitter:data1\" content=\"8 minutes\" \/>\n<script type=\"application\/ld+json\" class=\"yoast-schema-graph\">{\"@context\":\"https:\/\/schema.org\",\"@graph\":[{\"@type\":\"WebPage\",\"@id\":\"https:\/\/fertix.es\/productos\/correctores-de-carencias-de-aplicacion-radicular\/drefens-fe\/\",\"url\":\"https:\/\/fertix.es\/productos\/correctores-de-carencias-de-aplicacion-radicular\/drefens-fe\/\",\"name\":\"Drefens Fe - Fertix Nutrici\u00f3n Vegetal S.L.\",\"isPartOf\":{\"@id\":\"https:\/\/fertix.es\/#website\"},\"datePublished\":\"2015-07-20T09:05:17+00:00\",\"dateModified\":\"2021-10-29T09:16:56+00:00\",\"breadcrumb\":{\"@id\":\"https:\/\/fertix.es\/productos\/correctores-de-carencias-de-aplicacion-radicular\/drefens-fe\/#breadcrumb\"},\"inLanguage\":\"fr-FR\",\"potentialAction\":[{\"@type\":\"ReadAction\",\"target\":[\"https:\/\/fertix.es\/productos\/correctores-de-carencias-de-aplicacion-radicular\/drefens-fe\/\"]}]},{\"@type\":\"BreadcrumbList\",\"@id\":\"https:\/\/fertix.es\/productos\/correctores-de-carencias-de-aplicacion-radicular\/drefens-fe\/#breadcrumb\",\"itemListElement\":[{\"@type\":\"ListItem\",\"position\":1,\"name\":\"Portada\",\"item\":\"https:\/\/fertix.es\/\"},{\"@type\":\"ListItem\",\"position\":2,\"name\":\"Productos\",\"item\":\"https:\/\/fertix.es\/productos\/\"},{\"@type\":\"ListItem\",\"position\":3,\"name\":\"Correctores de Carencias de Aplicaci\u00f3n Radicular\",\"item\":\"https:\/\/fertix.es\/productos\/correctores-de-carencias-de-aplicacion-radicular\/\"},{\"@type\":\"ListItem\",\"position\":4,\"name\":\"Drefens Fe\"}]},{\"@type\":\"WebSite\",\"@id\":\"https:\/\/fertix.es\/#website\",\"url\":\"https:\/\/fertix.es\/\",\"name\":\"Fertix Nutrici\u00f3n Vegetal S.L.\",\"description\":\"Fertix, abonos y fertilizantes para plantaciones hortofrut\u00edcolas.\",\"potentialAction\":[{\"@type\":\"SearchAction\",\"target\":{\"@type\":\"EntryPoint\",\"urlTemplate\":\"https:\/\/fertix.es\/?s={search_term_string}\"},\"query-input\":{\"@type\":\"PropertyValueSpecification\",\"valueRequired\":true,\"valueName\":\"search_term_string\"}}],\"inLanguage\":\"fr-FR\"}]}<\/script>\n<!-- \/ Yoast SEO plugin. -->","yoast_head_json":{"title":"Drefens Fe - Fertix Nutrici\u00f3n Vegetal S.L.","robots":{"index":"index","follow":"follow","max-snippet":"max-snippet:-1","max-image-preview":"max-image-preview:large","max-video-preview":"max-video-preview:-1"},"canonical":"https:\/\/fertix.es\/fr\/productos\/correctores-de-carencias-de-aplicacion-radicular\/drefens-fe\/","og_locale":"fr_FR","og_type":"article","og_title":"Drefens Fe - Fertix Nutrici\u00f3n Vegetal S.L.","og_description":"Drefens FE 5 Quelato de hierro para aplicaci\u00f3n radicular Drefens fe 5 Quelato de hierro para aplicaci\u00f3n radicular. DREFENS FE 5 es un quelato de Hierro con un contenido del 6% de Hierro y un contenido del 5% en is\u00f3mero orto-orto. Corrige las carencias de hierro provocadas por una falta de disponibilidad de este elemento. [&hellip;]","og_url":"https:\/\/fertix.es\/fr\/productos\/correctores-de-carencias-de-aplicacion-radicular\/drefens-fe\/","og_site_name":"Fertix Nutrici\u00f3n Vegetal S.L.","article_modified_time":"2021-10-29T09:16:56+00:00","twitter_card":"summary_large_image","twitter_misc":{"Dur\u00e9e de lecture estim\u00e9e":"8 minutes"},"schema":{"@context":"https:\/\/schema.org","@graph":[{"@type":"WebPage","@id":"https:\/\/fertix.es\/productos\/correctores-de-carencias-de-aplicacion-radicular\/drefens-fe\/","url":"https:\/\/fertix.es\/productos\/correctores-de-carencias-de-aplicacion-radicular\/drefens-fe\/","name":"Drefens Fe - Fertix Nutrici\u00f3n Vegetal S.L.","isPartOf":{"@id":"https:\/\/fertix.es\/#website"},"datePublished":"2015-07-20T09:05:17+00:00","dateModified":"2021-10-29T09:16:56+00:00","breadcrumb":{"@id":"https:\/\/fertix.es\/productos\/correctores-de-carencias-de-aplicacion-radicular\/drefens-fe\/#breadcrumb"},"inLanguage":"fr-FR","potentialAction":[{"@type":"ReadAction","target":["https:\/\/fertix.es\/productos\/correctores-de-carencias-de-aplicacion-radicular\/drefens-fe\/"]}]},{"@type":"BreadcrumbList","@id":"https:\/\/fertix.es\/productos\/correctores-de-carencias-de-aplicacion-radicular\/drefens-fe\/#breadcrumb","itemListElement":[{"@type":"ListItem","position":1,"name":"Portada","item":"https:\/\/fertix.es\/"},{"@type":"ListItem","position":2,"name":"Productos","item":"https:\/\/fertix.es\/productos\/"},{"@type":"ListItem","position":3,"name":"Correctores de Carencias de Aplicaci\u00f3n Radicular","item":"https:\/\/fertix.es\/productos\/correctores-de-carencias-de-aplicacion-radicular\/"},{"@type":"ListItem","position":4,"name":"Drefens Fe"}]},{"@type":"WebSite","@id":"https:\/\/fertix.es\/#website","url":"https:\/\/fertix.es\/","name":"Fertix Nutrici\u00f3n Vegetal S.L.","description":"Fertix, engrais et fertilisants pour les plantations de fruits et l\u00e9gumes.","potentialAction":[{"@type":"SearchAction","target":{"@type":"EntryPoint","urlTemplate":"https:\/\/fertix.es\/?s={search_term_string}"},"query-input":{"@type":"PropertyValueSpecification","valueRequired":true,"valueName":"search_term_string"}}],"inLanguage":"fr-FR"}]}},"_links":{"self":[{"href":"https:\/\/fertix.es\/fr\/wp-json\/wp\/v2\/pages\/1362","targetHints":{"allow":["GET"]}}],"collection":[{"href":"https:\/\/fertix.es\/fr\/wp-json\/wp\/v2\/pages"}],"about":[{"href":"https:\/\/fertix.es\/fr\/wp-json\/wp\/v2\/types\/page"}],"author":[{"embeddable":true,"href":"https:\/\/fertix.es\/fr\/wp-json\/wp\/v2\/users\/2"}],"replies":[{"embeddable":true,"href":"https:\/\/fertix.es\/fr\/wp-json\/wp\/v2\/comments?post=1362"}],"version-history":[{"count":3,"href":"https:\/\/fertix.es\/fr\/wp-json\/wp\/v2\/pages\/1362\/revisions"}],"predecessor-version":[{"id":4210,"href":"https:\/\/fertix.es\/fr\/wp-json\/wp\/v2\/pages\/1362\/revisions\/4210"}],"up":[{"embeddable":true,"href":"https:\/\/fertix.es\/fr\/wp-json\/wp\/v2\/pages\/181"}],"wp:attachment":[{"href":"https:\/\/fertix.es\/fr\/wp-json\/wp\/v2\/media?parent=1362"}],"curies":[{"name":"wp","href":"https:\/\/api.w.org\/{rel}","templated":true}]}}