{"id":50,"date":"2015-05-13T16:19:58","date_gmt":"2015-05-13T16:19:58","guid":{"rendered":"https:\/\/fertix.es\/?page_id=50"},"modified":"2024-04-15T14:12:59","modified_gmt":"2024-04-15T12:12:59","slug":"correctores-de-carencias-aplicacion-foliar","status":"publish","type":"page","link":"https:\/\/fertix.es\/fr\/productos\/correctores-de-carencias-aplicacion-foliar\/","title":{"rendered":"Correcteurs de carence appliqu\u00e9s par voie foliaire"},"content":{"rendered":"<p>[et_pb_section fb_built=\"1\u2033 _builder_version=\"4.16\u2033 background_image=\"https:\/\/fertix.es\/wp-content\/uploads\/2021\/10\/img-cabecera-catalogos.jpeg\" parallax=\"on\" global_colors_info=\"{}\"][et_pb_row _builder_version=\"4.16\u2033 _module_preset=\"default\" global_colors_info=\"{}\"][et_pb_column type=\"4_4\u2033 _builder_version=\"4.16\u2033 _module_preset=\"default\" global_colors_info=\"{}\"][et_pb_text _builder_version=\"4.16\u2033 _module_preset=\"default\" global_colors_info=\"{}\"]<\/p>\n<h1 style=\"text-align: center; font-size: 50px; color: white;\">Correcteurs de carence<\/h1>\n<h3 style=\"text-align: center; text-decoration: none; color: white;\">Des micro-\u00e9l\u00e9ments pour un plan de fumure \u00e9quilibr\u00e9<\/h3>\n<p>[\/et_pb_text][\/et_pb_column][\/et_pb_row][\/et_pb_section][et_pb_section fb_built=\"1\u2033 _builder_version=\"4.16\u2033 _module_preset=\"default\" global_colors_info=\"{}\"][et_pb_row _builder_version=\"4.16\u2033 _module_preset=\"default\" width=\"980px\" max_width=\"80%\" global_colors_info=\"{}\"][et_pb_column type=\"4_4\u2033 _builder_version=\"4.16\u2033 _module_preset=\"default\" global_colors_info=\"{}\"][et_pb_text _builder_version=\"4.16\u2033 _module_preset=\"default\" global_colors_info=\"{}\"]<\/p>\n<h2>Correcteurs de carence<\/h2>\n<p>Les correcteurs de carence en micro-\u00e9l\u00e9ments sont un \u00e9l\u00e9ment essentiel d'un plan de fertilisation \u00e9quilibr\u00e9. Fertix Plant Nutrition propose des micro-\u00e9l\u00e9ments ch\u00e9lat\u00e9s, complex\u00e9s et m\u00eame accompagn\u00e9s d'autres composants tels que des algues, des acides polycarboxyliques et des acides fulviques, afin d'offrir l'option la mieux adapt\u00e9e aux besoins de la culture. Nous avons des produits qui peuvent \u00eatre appliqu\u00e9s par voie foliaire, par voie racinaire ou les deux, toujours avec une utilisation s\u00fbre, fiable et pratique.[\/et_pb_text][\/et_pb_column][\/et_pb_row][et_pb_row column_structure=\"1_3,1_3,1_3\u2033 _builder_version=\"4.16\u2033 _module_preset=\"default\" custom_padding=\"5px|||||\" global_colors_info=\"{}\"][et_pb_column type=\"1_3\u2033 _builder_version=\"4.16\u2033 _module_preset=\"default\" global_colors_info=\"{}\"][et_pb_blurb url=\"\/produits\/special-products\/precal\/\" url_new_window=\"on\" image=\"https:\/\/fertix.es\/wp-content\/uploads\/2023\/05\/precal-corrector-carencias-20l.webp\" alt=\"Precal-correcteur-features\" admin_label=\"Precal - Correcteur\" _builder_version=\"4.21.0\u2033 _module_preset=\"default\" text_orientation=\"center\" global_module=\"4493\u2033 saved_tabs=\"all\" locked=\"off\" global_colors_info=\"{}\"]]]<\/p>\n<h4>PRECAL<\/h4>\n<p style=\"text-align: center;\"><span class=\"tag-producto correctores\"><a href=\"\/fr\/productos\/correctores-de-carencias-aplicacion-foliar\/\" style=\"color: var(--azul-correctores-fertix);\">Correcteurs<\/a><\/span><\/p>\n<p class=\"p1\">Solution d'ac\u00e9tate de calcium.<\/p>\n<p><img decoding=\"async\" style=\"width: 75px;\" src=\"https:\/\/fertix.es\/wp-content\/uploads\/2021\/10\/logo-eco-fertix-fra.png\" \/><\/p>\n<p>[\/et_pb_blurb][\/et_pb_column][et_pb_column type=\"1_3\u2033 _builder_version=\"4.16\u2033 _module_preset=\"default\" global_colors_info=\"{}\"][et_pb_blurb url=\"\/products\/correcteurs-de-soins-application-foliaire\/drefens-mix\/\" url_new_window=\"on\" image=\"https:\/\/fertix.fr\/wp-content\/uploads\/2021\/10\/fertix-drefens-mix.jpg\" admin_label=\"Drefens Mix - Correcteur\" _builder_version=\"4.21.0\u2033 _module_preset=\"default\" text_orientation=\"center\" global_module=\"3463\u2033 saved_tabs=\"all\" global_colors_info=\"{}\"]<\/p>\n<h4>Drefens Mix<\/h4>\n<p><span class=\"tag-producto correctores\"><a href=\"\/fr\/productos\/correctores-de-carencias-aplicacion-foliar\/\" style=\"color: var(--azul-correctores-fertix);\">Correcteurs<\/a><\/span><\/p>\n<p class=\"p1\">M\u00e9lange de micro-\u00e9l\u00e9ments pour application foliaire.<\/p>\n<p>[\/et_pb_blurb][\/et_pb_column][et_pb_column type=\"1_3\u2033 _builder_version=\"4.16\u2033 _module_preset=\"default\" global_colors_info=\"{}\"][et_pb_blurb url=\"https:\/\/fertix.es\/productos\/correctores-de-carencias-aplicacion-foliar\/drefens-zm\/\" url_new_window=\"on\" image=\"https:\/\/fertix.fr\/wp-content\/uploads\/2021\/10\/fertix-drefens-zm.jpg\" admin_label=\"Drefens ZM - Correcteur\" _builder_version=\"4.21.0\u2033 _module_preset=\"default\" text_orientation=\"center\" global_module=\"3461\u2033 saved_tabs=\"all\" global_colors_info=\"{}\"]<\/p>\n<h4>Drefens ZM<\/h4>\n<p><span class=\"tag-producto correctores\"><a href=\"\/fr\/productos\/correctores-de-carencias-aplicacion-foliar\/\" style=\"color: var(--azul-correctores-fertix);\">Correcteurs<\/a><\/span><\/p>\n<p class=\"p1\">Correcteur de carence en zinc et mangan\u00e8se pour application foliaire.<\/p>\n<p><img decoding=\"async\" style=\"width: 75px;\" src=\"https:\/\/fertix.es\/wp-content\/uploads\/2021\/10\/logo-eco-fertix-fra.png\" \/><\/p>\n<p>[\/et_pb_blurb][\/et_pb_column][\/et_pb_row][et_pb_row column_structure=\"1_3,1_3,1_3\u2033 _builder_version=\"4.16\u2033 _module_preset=\"default\" custom_padding=\"5px|||||\" global_colors_info=\"{}\"][et_pb_column type=\"1_3\u2033 _builder_version=\"4.16\u2033 _module_preset=\"default\" global_colors_info=\"{}\"][et_pb_blurb url=\"\/produits\/correcteurs-de-charges-application-foliaire\/fertizinman\/\" url_new_window=\"on\" image=\"https:\/\/fertix.fr\/wp-content\/uploads\/2021\/10\/fertix-fertizinman.jpg\" admin_label=\"Fertizinman - Correcteur\" _builder_version=\"4.21.0\u2033 _module_preset=\"default\" text_orientation=\"center\" global_module=\"3464\u2033 saved_tabs=\"all\" global_colors_info=\"{}\"]<\/p>\n<h4>Fertizinman<\/h4>\n<p><span class=\"tag-producto correctores\"><a href=\"\/fr\/productos\/correctores-de-carencias-aplicacion-foliar\/\" style=\"color: var(--azul-correctores-fertix);\">Correcteurs<\/a><\/span><\/p>\n<p class=\"p1\">Correcteur de carence en zinc et mangan\u00e8se pour application foliaire.<\/p>\n<p>[\/et_pb_blurb][\/et_pb_column][et_pb_column type=\"1_3\u2033 _builder_version=\"4.16\u2033 _module_preset=\"default\" global_colors_info=\"{}\"][et_pb_blurb url=\"\/products\/correcteurs-de-soins-application-foliaire\/tetracor\/\" url_new_window=\"on\" image=\"https:\/\/fertix.fr\/wp-content\/uploads\/2021\/10\/fertix-tetracor.jpg\" admin_label=\"Tetracor - Correcteur\" _builder_version=\"4.21.0\u2033 _module_preset=\"default\" text_orientation=\"center\" global_module=\"3482\u2033 global_colors_info=\"{}\"]<\/p>\n<h4>Tetracor<\/h4>\n<p><span class=\"tag-producto correctores\"><a href=\"\/fr\/productos\/correctores-de-carencias-aplicacion-foliar\/\" style=\"color: var(--azul-correctores-fertix);\">Correcteurs<\/a><\/span><\/p>\n<p class=\"p1\">Correcteur de carence en zinc, mangan\u00e8se et magn\u00e9sium complex\u00e9 avec du molybd\u00e8ne.<\/p>\n<p>[\/et_pb_blurb][\/et_pb_column][et_pb_column type=\"1_3\u2033 _builder_version=\"4.16\u2033 _module_preset=\"default\" global_colors_info=\"{}\"][et_pb_blurb url=\"\/products\/correcteurs-de-soins-application-foliaire\/algaset\/\" url_new_window=\"on\" image=\"https:\/\/fertix.fr\/wp-content\/uploads\/2021\/10\/fertix-algaset.jpg\" admin_label=\"Correcteur Algaset\" _builder_version=\"4.21.0\u2033 _module_preset=\"default\" text_orientation=\"center\" global_module=\"3492\u2033 global_colors_info=\"{}\"]<\/p>\n<h4>Algaset<\/h4>\n<p><span class=\"tag-producto correctores\"><a href=\"\/fr\/productos\/correctores-de-carencias-aplicacion-foliar\/\" style=\"color: var(--azul-correctores-fertix);\">Correcteurs<\/a><\/span><\/p>\n<p class=\"p1\">Extrait liquide d'algues avec du bore et du molybd\u00e8ne.<\/p>\n<p><img decoding=\"async\" style=\"width: 75px;\" src=\"https:\/\/fertix.es\/wp-content\/uploads\/2021\/10\/logo-eco-fertix-fra.png\" \/><\/p>\n<p>[\/et_pb_blurb][\/et_pb_column][\/et_pb_row][et_pb_row column_structure=\"1_3,1_3,1_3\u2033 _builder_version=\"4.16\u2033 _module_preset=\"default\" custom_padding=\"5px|||||\" global_colors_info=\"{}\"][et_pb_column type=\"1_3\u2033 _builder_version=\"4.16\u2033 _module_preset=\"default\" global_colors_info=\"{}\"][et_pb_blurb url=\"\/produits\/correcteurs-de-charges-application-foliaire\/drefens-boro\/\" url_new_window=\"on\" image=\"https:\/\/fertix.fr\/wp-content\/uploads\/2021\/10\/fertix-drefens-boro.jpg\" admin_label=\"Drefens Boro Corrector\" _builder_version=\"4.21.0\u2033 _module_preset=\"default\" text_orientation=\"center\" global_module=\"3473\u2033 global_colors_info=\"{}\"]<\/p>\n<h4>Drefens Boro<\/h4>\n<p><span class=\"tag-producto correctores\"><a href=\"\/fr\/productos\/correctores-de-carencias-aplicacion-foliar\/\" style=\"color: var(--azul-correctores-fertix);\">Correcteurs<\/a><\/span><\/p>\n<p class=\"p1\">Correcteur de carence en bore pour application foliaire et racinaire.<\/p>\n<p><img decoding=\"async\" style=\"width: 75px;\" src=\"https:\/\/fertix.es\/wp-content\/uploads\/2021\/10\/logo-eco-fertix-fra.png\" \/><\/p>\n<p>[\/et_pb_blurb][\/et_pb_column][et_pb_column type=\"1_3\u2033 _builder_version=\"4.16\u2033 _module_preset=\"default\" global_colors_info=\"{}\"][et_pb_blurb url=\"https:\/\/fertix.es\/productos\/correctores-de-carencias-aplicacion-foliar\/drefens-mo\/\" url_new_window=\"on\" image=\"https:\/\/fertix.fr\/wp-content\/uploads\/2021\/10\/fertix-drefens-mo.jpg\" admin_label=\"Drefens MO - Correcteur\" _builder_version=\"4.21.0\u2033 _module_preset=\"default\" text_orientation=\"center\" global_module=\"3493\u2033 global_colors_info=\"{}\"]]]<\/p>\n<h4>Drefens Mo<\/h4>\n<p><span class=\"tag-producto correctores\"><a href=\"\/fr\/productos\/correctores-de-carencias-aplicacion-foliar\/\" style=\"color: var(--azul-correctores-fertix);\">Correcteurs<\/a><\/span><\/p>\n<p class=\"p1\">Correcteur de carence en molybd\u00e8ne pour application foliaire et racinaire.<\/p>\n<p>[\/et_pb_blurb][\/et_pb_column][et_pb_column type=\"1_3\u2033 _builder_version=\"4.16\u2033 _module_preset=\"default\" global_colors_info=\"{}\"][et_pb_blurb url=\"\/products\/correcteurs-de-soins-application-foliaire\/drefens-mg\/\" url_new_window=\"on\" image=\"https:\/\/fertix.fr\/wp-content\/uploads\/2021\/10\/fertix-drefens-mg.jpg\" admin_label=\"Drefens MG - Correcteur\" _builder_version=\"4.21.0\u2033 _module_preset=\"default\" text_orientation=\"center\" global_module=\"3497\u2033 global_colors_info=\"{}\"]<\/p>\n<h4>Drefens Mg<\/h4>\n<p><span class=\"tag-producto correctores\"><a href=\"\/fr\/productos\/correctores-de-carencias-aplicacion-foliar\/\" style=\"color: var(--azul-correctores-fertix);\">Correcteurs<\/a><\/span><\/p>\n<p class=\"p1\">Magn\u00e9sium complex\u00e9 pour application foliaire et racinaire.<\/p>\n<p>[\/et_pb_blurb][\/et_pb_column][\/et_pb_row][et_pb_row column_structure=\"1_3,1_3,1_3\u2033 _builder_version=\"4.16\u2033 _module_preset=\"default\" custom_padding=\"5px|||||\" global_colors_info=\"{}\"][et_pb_column type=\"1_3\u2033 _builder_version=\"4.16\u2033 _module_preset=\"default\" global_colors_info=\"{}\"][et_pb_blurb url=\"\/produits\/correcteurs-de-charges-application-foliaire\/camibor\/\" url_new_window=\"on\" image=\"https:\/\/fertix.fr\/wp-content\/uploads\/2021\/10\/fertix-camibor.jpg\" admin_label=\"Camibor - Correcteur\" _builder_version=\"4.21.0\u2033 _module_preset=\"default\" text_orientation=\"center\" global_module=\"3525\u2033 global_colors_info=\"{}\"]<\/p>\n<h4>Camibor<\/h4>\n<p><span class=\"tag-producto correctores\"><a href=\"\/fr\/productos\/correctores-de-carencias-aplicacion-foliar\/\" style=\"color: var(--azul-correctores-fertix);\">Correcteurs<\/a><\/span><\/p>\n<p class=\"p1\">Acides amin\u00e9s avec calcium et bore pour application foliaire et racinaire.<\/p>\n<p>[\/et_pb_blurb][\/et_pb_column][et_pb_column type=\"1_3\u2033 _builder_version=\"4.16\u2033 _module_preset=\"default\" global_colors_info=\"{}\"][et_pb_blurb url=\"\/products\/correcteurs-de-radicular-application-faults\/greener-mn\/\" url_new_window=\"on\" image=\"https:\/\/fertix.fr\/wp-content\/uploads\/2021\/10\/fertix-greener-mn.jpg\" admin_label=\"Greener MN\" _builder_version=\"4.21.0\u2033 _module_preset=\"default\" text_orientation=\"center\" global_module=\"3507\u2033 global_colors_info=\"{}\"]<\/p>\n<h4>Greener MN<\/h4>\n<p><span class=\"tag-producto correctores\"><a href=\"\/fr\/productos\/correctores-de-carencias-aplicacion-foliar\/\" style=\"color: var(--azul-correctores-fertix);\">Correcteurs<\/a><\/span><\/p>\n<p class=\"p1\">Ch\u00e9late d'edta de mangan\u00e8se pour application foliaire et racinaire.<\/p>\n<p>[\/et_pb_blurb][\/et_pb_column][et_pb_column type=\"1_3\u2033 _builder_version=\"4.16\u2033 _module_preset=\"default\" global_colors_info=\"{}\"][et_pb_blurb url=\"\/products\/correcteurs-de-radiculaire-application-correcteurs\/greener-zn\/\" url_new_window=\"on\" image=\"https:\/\/fertix.fr\/wp-content\/uploads\/2021\/10\/fertix-greener-zn.jpg\" admin_label=\"Greener ZN - Correcteur\" _builder_version=\"4.21.0\u2033 _module_preset=\"default\" text_orientation=\"center\" global_module=\"3508\u2033 global_colors_info=\"{}\"]<\/p>\n<h4>Greener ZN<\/h4>\n<p><span class=\"tag-producto correctores\"><a href=\"\/fr\/productos\/correctores-de-carencias-aplicacion-foliar\/\" style=\"color: var(--azul-correctores-fertix);\">Correcteurs<\/a><\/span><\/p>\n<p class=\"p1\">Ch\u00e9late de zinc EDTA pour application foliaire et racinaire.<\/p>\n<p>[\/et_pb_blurb][\/et_pb_column][\/et_pb_row][et_pb_row column_structure=\"1_3,1_3,1_3\u2033 _builder_version=\"4.16\u2033 _module_preset=\"default\" custom_padding=\"5px|||||\" global_colors_info=\"{}\"][et_pb_column type=\"1_3\u2033 _builder_version=\"4.16\u2033 _module_preset=\"default\" global_colors_info=\"{}\"][et_pb_blurb url=\"\/products\/radicular-application-fault-correctors\/cuprofert\/\" url_new_window=\"on\" image=\"https:\/\/fertix.fr\/wp-content\/uploads\/2021\/10\/fertix-cuprofert.jpg\" admin_label=\"Cuprofert Corrector\" _builder_version=\"4.21.0\u2033 _module_preset=\"default\" text_orientation=\"center\" global_module=\"3506\u2033 global_colors_info=\"{}\"]<\/p>\n<h4 style=\"text-align: center;\">Cuprofert<\/h4>\n<p style=\"text-align: center;\"><span class=\"tag-producto correctores\"><a href=\"\/fr\/productos\/correctores-de-carencias-aplicacion-foliar\/\" style=\"color: var(--azul-correctores-fertix);\">Correcteurs<\/a><\/span><\/p>\n<p class=\"p1\" style=\"text-align: center;\">Solution d'engrais \u00e0 base de cuivre.<\/p>\n<p><img decoding=\"async\" style=\"width: 75px; display: block; margin-left: auto; margin-right: auto;\" src=\"https:\/\/fertix.es\/wp-content\/uploads\/2021\/10\/logo-eco-fertix-fra.png\" \/><\/p>\n<p>[\/et_pb_blurb][\/et_pb_column][et_pb_column type=\"1_3\u2033 _builder_version=\"4.16\u2033 _module_preset=\"default\" global_colors_info=\"{}\"][et_pb_blurb url=\"\/products\/radicular-application-correctors\/drefens-fe\/\" url_new_window=\"on\" image=\"https:\/\/fertix.fr\/wp-content\/uploads\/2021\/10\/fertix-drefens-fe-5_2-min.jpeg\" admin_label=\"Drefens FE5 - Correcteur\" _builder_version=\"4.21.0\u2033 _module_preset=\"default\" text_orientation=\"center\" global_module=\"3519\u2033 global_colors_info=\"{}\"]<\/p>\n<h4>Drefens Fe 5<\/h4>\n<p><span class=\"tag-producto correctores\"><a href=\"\/fr\/productos\/correctores-de-carencias-aplicacion-foliar\/\" style=\"color: var(--azul-correctores-fertix);\">Correcteurs<\/a><\/span><\/p>\n<p class=\"p1\">Ch\u00e9late de fer pour application racinaire.<\/p>\n<p>[\/et_pb_blurb][\/et_pb_column][et_pb_column type=\"1_3\u2033 _builder_version=\"4.16\u2033 _module_preset=\"default\" global_colors_info=\"{}\"][et_pb_blurb url=\"\/products\/correcteurs-de-radiculaire-application-correcteurs\/ferticam\/\" url_new_window=\"on\" image=\"https:\/\/fertix.fr\/wp-content\/uploads\/2021\/10\/fertrix-ferticam.jpg\" admin_label=\"Ferticam - Correcteur\" _builder_version=\"4.21.0\u2033 _module_preset=\"default\" text_orientation=\"center\" global_module=\"3520\u2033 global_colors_info=\"{}\"]<\/p>\n<h4>Ferticam<\/h4>\n<p><span class=\"tag-producto correctores\"><a href=\"\/fr\/productos\/correctores-de-carencias-aplicacion-foliar\/\" style=\"color: var(--azul-correctores-fertix);\">Correcteurs<\/a><\/span><\/p>\n<p class=\"p1\">Correcteur de zinc, mangan\u00e8se et calcium pour l'application racinaire.<\/p>\n<p>[\/et_pb_blurb][\/et_pb_column][\/et_pb_row][et_pb_row column_structure=\"1_3,1_3,1_3\u2033 _builder_version=\"4.16\u2033 _module_preset=\"default\" custom_padding=\"5px|||||\" global_colors_info=\"{}\"][et_pb_column type=\"1_3\u2033 _builder_version=\"4.16\u2033 _module_preset=\"default\" global_colors_info=\"{}\"][et_pb_blurb url=\"\/products\/radicular-application-fault-correctors\/hortiset\/\" url_new_window=\"on\" image=\"https:\/\/fertix.fr\/wp-content\/uploads\/2021\/10\/fertix-hortiset.jpg\" admin_label=\"Hortiset Corrector\" _builder_version=\"4.21.0\u2033 _module_preset=\"default\" text_orientation=\"center\" global_module=\"3653\u2033 saved_tabs=\"all\" global_colors_info=\"{}\"]<\/p>\n<h4>Hortiset<\/h4>\n<p><span class=\"tag-producto correctores\"><a href=\"\/fr\/productos\/correctores-de-carencias-aplicacion-foliar\/\" style=\"color: var(--azul-correctores-fertix);\">Correcteurs<\/a><\/span><\/p>\n<p class=\"p1\">M\u00e9lange de micro-\u00e9l\u00e9ments pour application racinaire.<\/p>\n<p><img decoding=\"async\" style=\"width: 75px;\" src=\"https:\/\/fertix.es\/wp-content\/uploads\/2021\/10\/logo-eco-fertix-fra.png\" \/><\/p>\n<p>[\/et_pb_blurb][\/et_pb_column][et_pb_column type=\"1_3\u2033 _builder_version=\"4.21.0\u2033 _module_preset=\"default\" global_colors_info=\"{}\"][et_pb_blurb url=\"\/products\/correcteurs-de-radiculaire-application-correcteurs\/eficalcio\/\" url_new_window=\"on\" image=\"https:\/\/fertix.fr\/wp-content\/uploads\/2021\/10\/fertix-eficalcio.jpg\" admin_label=\"Eficalcio - Correcteur\" _builder_version=\"4.21.0\u2033 _module_preset=\"default\" text_orientation=\"center\" global_module=\"3477\u2033 global_colors_info=\"{}\"]<\/p>\n<h4>Eficalcio<\/h4>\n<p><span class=\"tag-producto correctores\"><a href=\"\/fr\/productos\/correctores-de-carencias-aplicacion-foliar\/\" style=\"color: var(--azul-correctores-fertix);\">Correcteurs<\/a><\/span><\/p>\n<p class=\"p1\">Solution de calcium.<\/p>\n<p>[\/et_pb_blurb][\/et_pb_column][et_pb_column type=\"1_3\u2033 _builder_version=\"4.16\u2033 _module_preset=\"default\" global_colors_info=\"{}\"][et_pb_blurb url=\"https:\/\/fertix.es\/productos\/correctores-de-carencias-aplicacion-foliar\/greener-micro\/\" url_new_window=\"on\" image=\"https:\/\/fertix.es\/wp-content\/uploads\/2024\/04\/Greener-Micro.webp\" admin_label=\"Greener Micro\" _builder_version=\"4.24.3\u2033 _module_preset=\"default\" text_orientation=\"center\" hover_enabled=\"0\u2033 global_colors_info=\"{}\" theme_builder_area=\"post_content\" title_text=\"Greener Micro\" sticky_enabled=\"0\u2033 global_module=\"4687\u2033 saved_tabs=\"all\"]<\/p>\n<h4>Greener Micro<\/h4>\n<p><span class=\"tag-producto correctores\"><a href=\"\/fr\/productos\/correctores-de-carencias-aplicacion-foliar\/\" style=\"color: var(--azul-correctores-fertix);\">Correcteurs<\/a><\/span><\/p>\n<p class=\"p1\">M\u00e9lange solide de micronutriments ch\u00e9lat\u00e9s.<\/p>\n<p>[\/et_pb_blurb][\/et_pb_column][\/et_pb_row][et_pb_row module_class=\"cta-code\" _builder_version=\"4.13.0\u2033 _module_preset=\"default\" width=\"100vw\" max_width=\"100vw\" module_alignment=\"center\" module_alignment_tablet=\"\" module_alignment_phone=\"\" module_alignment_last_edited=\"on|phone\" custom_css_main_element=\"overflow-x:hidden;||width : 100vw !important;|||max-width : 100% ;\" global_module=\"3161\u2033 saved_tabs=\"all\" global_colors_info=\"{}\"][et_pb_column type=\"4_4\u2033 _builder_version=\"4.16\u2033 _module_preset=\"default\" global_colors_info=\"{}\"][et_pb_code _builder_version=\"4.18.0\u2033 _module_preset=\"default\" global_colors_info=\"{}\"]<\/p>\n<div class=\"cta_main\"><!-- [et_pb_line_break_holder] -->  <\/p>\n<div class=\"cta_main-img\"><!-- [et_pb_line_break_holder] -->    <img decoding=\"async\" src=\"\/wp-content\/uploads\/2021\/09\/fertix-request-catalogues-1.png\" style=\"width:450px; height:auto\"\/><!-- [et_pb_line_break_holder] -->    <!-- [et_pb_line_break_holder] -->  <\/div>\n<p><!-- [et_pb_line_break_holder] -->  <\/p>\n<div class=\"cta_main-text\"><!-- [et_pb_line_break_holder] -->    <!-- [et_pb_line_break_holder] --><!-- [et_pb_line_break_holder] -->  <\/p>\n<div class=\"cta-text-inside\"><!-- [et_pb_line_break_holder] -->    <\/p>\n<h3 class=\"cta_main-text\" style=\"text-transform:none; line-height: 1.3em;\"><!-- [et_pb_line_break_holder] -->      Fertix Fertilisants et catalogues d'engrais.<!-- [et_pb_line_break_holder] -->    <\/h3>\n<p><!-- [et_pb_line_break_holder] -->    <pee style=\"line-height: 1.5em;\"><!-- [et_pb_line_break_holder] -->      Consultez toutes nos familles de produits en demandant nos catalogues.<!-- [et_pb_line_break_holder] -->    <\/pee><!-- [et_pb_line_break_holder] -->  <\/div>\n<p><!-- [et_pb_line_break_holder] -->    <!-- [et_pb_line_break_holder] -->    <\/p>\n<div class=\"et_pb_button_module_wrapper  et_pb_module\"><!-- [et_pb_line_break_holder] -->\t\t\t\t<a class=\"et_pb_button et_pb_bg_layout_dark\" href=\"\/fr\/catalogo\/\">Demande de catalogue<\/a><!-- [et_pb_line_break_holder] -->\t\t\t<\/div>\n<p><!-- [et_pb_line_break_holder] --><!-- [et_pb_line_break_holder] --><\/div>\n<p><!-- [et_pb_line_break_holder] --><\/div>\n<p>[\/et_pb_code][\/et_pb_column][\/et_pb_row][\/et_pb_section][\/et_pb_section].<\/p>","protected":false},"excerpt":{"rendered":"<p>Correcteurs de carence Micro-\u00e9l\u00e9ments pour un plan de fertilisation \u00e9quilibr\u00e9Correcteurs de carence Les correcteurs de carence en micro-\u00e9l\u00e9ments sont un \u00e9l\u00e9ment essentiel d'un plan de fertilisation \u00e9quilibr\u00e9. Fertix Plant Nutrition propose des micro-\u00e9l\u00e9ments ch\u00e9lat\u00e9s, complex\u00e9s et m\u00eame accompagn\u00e9s d'autres composants tels que des algues, des acides polycarboxyliques et des acides fulviques, afin d'offrir la meilleure solution nutritionnelle possible pour un plan de fertilisation \u00e9quilibr\u00e9.<\/p>","protected":false},"author":2,"featured_media":0,"parent":30,"menu_order":0,"comment_status":"closed","ping_status":"closed","template":"","meta":{"_et_pb_use_builder":"on","_et_pb_old_content":"<!--:es--><span style=\"color: #008080;\"><img class=\"aligncenter wp-image-2441 size-full\" src=\"https:\/\/fertix.es\/wp-content\/uploads\/2015\/05\/correctoresdef6.jpg\" alt=\"\" width=\"902\" height=\"71\"><\/span>&nbsp;[tx_column size=\"1\/2\"][tx_column size=\"1\/2\"] <a href=\"https:\/\/fertix.es\/productos\/correctores-de-carencias-aplicacion-foliar\/drefens-zm\/\"><img class=\"alignright wp-image-2069\" src=\"https:\/\/fertix.es\/wp-content\/uploads\/2015\/05\/drefenszmr300.jpg\" alt=\"\" width=\"354\" height=\"30\"><\/a>\n<a href=\"https:\/\/fertix.es\/productos\/correctores-de-carencias-aplicacion-foliar\/fertizinman\/\"><img class=\"alignright wp-image-1065\" src=\"https:\/\/fertix.es\/wp-content\/uploads\/2015\/05\/fertizinman300.jpg\" alt=\"fertizinman300\" width=\"308\" height=\"30\"><\/a><a href=\"https:\/\/fertix.es\/productos\/correctores-de-carencias-aplicacion-foliar\/algaset\"><img class=\"alignright wp-image-2471\" src=\"https:\/\/fertix.es\/wp-content\/uploads\/2015\/05\/algaset350.jpg\" alt=\"algaset350\" width=\"368\" height=\"29\"><\/a>\n<a href=\"https:\/\/fertix.es\/productos\/correctores-de-carencias-aplicacion-foliar\/drefens-mo\/\"><img class=\"alignright wp-image-2077\" src=\"https:\/\/fertix.es\/wp-content\/uploads\/2015\/05\/drefensmor300.jpg\" alt=\"\" width=\"309\" height=\"30\"><\/a>\n<a href=\"https:\/\/fertix.es\/productos\/correctores-de-carencias-aplicacion-foliar\/drefens-mg\/\"><img class=\"alignright wp-image-2075\" src=\"https:\/\/fertix.es\/wp-content\/uploads\/2015\/05\/drefensmgr300.jpg\" alt=\"\" width=\"309\" height=\"30\"><\/a>\n<h2><a href=\"https:\/\/fertix.es\/productos\/correctores-de-carencias-aplicacion-foliar\/camibor-2\/\"><img class=\"alignright wp-image-1071\" src=\"https:\/\/fertix.es\/wp-content\/uploads\/2015\/05\/camibor300.jpg\" alt=\"camibor300\" width=\"271\" height=\"30\"><\/a><a href=\"https:\/\/fertix.es\/productos\/correctores-de-carencias-aplicacion-foliar\/tetracor\"><img class=\"alignright wp-image-2451\" src=\"https:\/\/fertix.es\/wp-content\/uploads\/2015\/05\/tetracor350.jpg\" alt=\"tetracor350\" width=\"367\" height=\"29\"><\/a><a href=\"https:\/\/fertix.es\/productos\/correctores-de-carencias-aplicacion-foliar\/drefens-boro\/\"><img class=\"alignright wp-image-2083 size-full\" src=\"https:\/\/fertix.es\/wp-content\/uploads\/2015\/05\/drefensboror3001.jpg\" alt=\"\" width=\"369\" height=\"30\"><\/a><\/h2>\n[\/tx_column]\n[tx_column size=\"1\/2\"][tx_column size=\"1\/2\"][tx_spacer size=\"10\"]\n\n<strong><span style=\"color: #008080;\"><a href=\"https:\/\/fertix.es\/productos\/correctores-de-carencias-de-aplicacion-radicular\/cuprofert\/\"><img class=\"alignright wp-image-2510 size-full\" src=\"https:\/\/fertix.es\/wp-content\/uploads\/2015\/05\/cuprofert3502.jpg\" alt=\"\" width=\"370\" height=\"32\"><\/a><a href=\"https:\/\/fertix.es\/productos\/correctores-de-carencias-de-aplicacion-radicular\/greener-mn\/\"><img class=\"alignright wp-image-2512 size-full\" src=\"https:\/\/fertix.es\/wp-content\/uploads\/2015\/05\/greenermn3502.jpg\" alt=\"\" width=\"366\" height=\"32\"><\/a>\n<\/span><\/strong>\n<h2><a href=\"https:\/\/fertix.es\/productos\/correctores-de-carencias-de-aplicacion-radicular\/greener-zn\/\"><img class=\"alignright wp-image-2547 size-full\" src=\"https:\/\/fertix.es\/wp-content\/uploads\/2015\/05\/greenerzm3505.jpg\" alt=\"\" width=\"388\" height=\"31\"><\/a>&nbsp;<a href=\"https:\/\/fertix.es\/productos\/correctores-de-carencias-de-aplicacion-radicular\/ferticam\/\"><img class=\"alignright wp-image-2551 size-full\" src=\"https:\/\/fertix.es\/wp-content\/uploads\/2015\/05\/ferticam3501.jpg\" alt=\"\" width=\"388\" height=\"31\"><\/a><\/h2>\n<a href=\"https:\/\/fertix.es\/productos\/correctores-de-carencias-de-aplicacion-radicular\/drefens-fe\/\"><img class=\"alignright wp-image-2549 size-full\" src=\"https:\/\/fertix.es\/wp-content\/uploads\/2015\/05\/drefensfe3501.jpg\" alt=\"\" width=\"387\" height=\"31\"><\/a>\n[\/tx_column]\n[tx_column size=\"1\/2\"]<a href=\"https:\/\/fertix.es\/productos\/correctores-de-carencias-de-aplicacion-radicular\/hortiset\/\"><img class=\"alignright wp-image-2556 size-full\" src=\"https:\/\/fertix.es\/wp-content\/uploads\/2015\/05\/hortiset3502.jpg\" alt=\"\" width=\"388\" height=\"31\"><\/a>\n[\/tx_column]\n\n[tx_row]\n\n[tx_column size=\"1\/2\"]\n<h2><\/h2>\n<!--:--><!--:en--><img class=\"aligncenter size-full wp-image-2442\" src=\"https:\/\/fertix.es\/wp-content\/uploads\/2015\/05\/enTITULOPLANTILLAverde6.jpg\" alt=\"enTITULOPLANTILLAverde6\" width=\"915\" height=\"71\">\n[tx_column size=\"1\/2\"][tx_column size=\"1\/2\"] <a href=\"https:\/\/fertix.es\/productos\/correctores-de-carencias-aplicacion-foliar\/drefens-zm\/?lang=en\"><img class=\"alignright wp-image-2069\" src=\"https:\/\/fertix.es\/wp-content\/uploads\/2015\/05\/drefenszmr300.jpg\" alt=\"\" width=\"354\" height=\"30\"><\/a>\n<a href=\"https:\/\/fertix.es\/productos\/correctores-de-carencias-aplicacion-foliar\/fertizinman\/?lang=en\"><img class=\"alignright wp-image-1065\" src=\"https:\/\/fertix.es\/wp-content\/uploads\/2015\/05\/fertizinman300.jpg\" alt=\"fertizinman300\" width=\"308\" height=\"30\"><\/a><a href=\"https:\/\/fertix.es\/productos\/correctores-de-carencias-aplicacion-foliar\/algaset\/?lang=en\"><img class=\"alignright wp-image-2471\" src=\"https:\/\/fertix.es\/wp-content\/uploads\/2015\/05\/algaset350.jpg\" alt=\"algaset350\" width=\"368\" height=\"29\"><\/a>\n<a href=\"https:\/\/fertix.es\/productos\/correctores-de-carencias-aplicacion-foliar\/drefens-mo\/?lang=en\"><img class=\"alignright wp-image-2077\" src=\"https:\/\/fertix.es\/wp-content\/uploads\/2015\/05\/drefensmor300.jpg\" alt=\"\" width=\"309\" height=\"30\"><\/a>\n<a href=\"https:\/\/fertix.es\/productos\/correctores-de-carencias-aplicacion-foliar\/drefens-mg\/?lang=en\"><img class=\"alignright wp-image-2075\" src=\"https:\/\/fertix.es\/wp-content\/uploads\/2015\/05\/drefensmgr300.jpg\" alt=\"\" width=\"309\" height=\"30\"><\/a>\n<h2><a href=\"https:\/\/fertix.es\/productos\/correctores-de-carencias-aplicacion-foliar\/camibor-2\/?lang=en\"><img class=\"alignright wp-image-1071\" src=\"https:\/\/fertix.es\/wp-content\/uploads\/2015\/05\/camibor300.jpg\" alt=\"camibor300\" width=\"271\" height=\"30\"><\/a><a href=\"https:\/\/fertix.es\/productos\/correctores-de-carencias-aplicacion-foliar\/tetracor\/?lang=en\"><img class=\"alignright wp-image-2451\" src=\"https:\/\/fertix.es\/wp-content\/uploads\/2015\/05\/tetracor350.jpg\" alt=\"tetracor350\" width=\"367\" height=\"29\"><\/a><a href=\"https:\/\/fertix.es\/productos\/correctores-de-carencias-aplicacion-foliar\/drefens-boro\/?lang=en\"><img class=\"alignright wp-image-2083 size-full\" src=\"https:\/\/fertix.es\/wp-content\/uploads\/2015\/05\/drefensboror3001.jpg\" alt=\"\" width=\"369\" height=\"30\"><\/a><\/h2>\n[\/tx_column]\n[tx_column size=\"1\/2\"][tx_column size=\"1\/2\"][tx_spacer size=\"10\"]\n\n<strong><span style=\"color: #008080;\"><a href=\"https:\/\/fertix.es\/productos\/correctores-de-carencias-de-aplicacion-radicular\/cuprofert\/?lang=en\"><img class=\"alignright wp-image-2510 size-full\" src=\"https:\/\/fertix.es\/wp-content\/uploads\/2015\/05\/cuprofert3502.jpg\" alt=\"\" width=\"370\" height=\"32\"><\/a><a href=\"https:\/\/fertix.es\/productos\/correctores-de-carencias-de-aplicacion-radicular\/greener-mn\/?lang=en\"><img class=\"alignright wp-image-2512 size-full\" src=\"https:\/\/fertix.es\/wp-content\/uploads\/2015\/05\/greenermn3502.jpg\" alt=\"\" width=\"366\" height=\"32\"><\/a>\n<\/span><\/strong>\n<h2><a href=\"https:\/\/fertix.es\/productos\/correctores-de-carencias-de-aplicacion-radicular\/greener-zn\/?lang=en\"><img class=\"alignright wp-image-2547 size-full\" src=\"https:\/\/fertix.es\/wp-content\/uploads\/2015\/05\/greenerzm3505.jpg\" alt=\"\" width=\"388\" height=\"31\"><\/a>&nbsp;<a href=\"https:\/\/fertix.es\/productos\/correctores-de-carencias-de-aplicacion-radicular\/ferticam\/?lang=en\"><img class=\"alignright wp-image-2551 size-full\" src=\"https:\/\/fertix.es\/wp-content\/uploads\/2015\/05\/ferticam3501.jpg\" alt=\"\" width=\"388\" height=\"31\"><\/a><\/h2>\n<a href=\"https:\/\/fertix.es\/productos\/correctores-de-carencias-de-aplicacion-radicular\/drefens-fe\/?lang=en\"><img class=\"alignright wp-image-2549 size-full\" src=\"https:\/\/fertix.es\/wp-content\/uploads\/2015\/05\/drefensfe3501.jpg\" alt=\"\" width=\"387\" height=\"31\"><\/a>\n[\/tx_column]\n[tx_column size=\"1\/2\"]<a href=\"https:\/\/fertix.es\/productos\/correctores-de-carencias-de-aplicacion-radicular\/hortiset\/?lang=en\"><img class=\"alignright wp-image-2556 size-full\" src=\"https:\/\/fertix.es\/wp-content\/uploads\/2015\/05\/hortiset3502.jpg\" alt=\"\" width=\"388\" height=\"31\"><\/a><a href=\"https:\/\/fertix.es\/productos\/correctores-de-carencias-aplicacion-foliar\/fertiset-2\/?lang=en\"><img class=\"alignright wp-image-2553 size-full\" src=\"https:\/\/fertix.es\/wp-content\/uploads\/2015\/05\/fertiset3501.jpg\" alt=\"\" width=\"388\" height=\"31\"><\/a>\n[\/tx_column]\n\n[tx_row]\n\n[tx_column size=\"1\/2\"]<!--:-->","_et_gb_content_width":"","footnotes":""},"class_list":["post-50","page","type-page","status-publish","hentry"],"yoast_head":"<!-- This site is optimized with the Yoast SEO plugin v26.9 - https:\/\/yoast.com\/product\/yoast-seo-wordpress\/ -->\n<title>Correctores de Carencias Aplicaci\u00f3n Foliar - Fertix Nutrici\u00f3n Vegetal S.L.<\/title>\n<meta name=\"robots\" content=\"index, follow, max-snippet:-1, max-image-preview:large, max-video-preview:-1\" \/>\n<link rel=\"canonical\" href=\"https:\/\/fertix.es\/fr\/productos\/correctores-de-carencias-aplicacion-foliar\/\" \/>\n<meta property=\"og:locale\" content=\"fr_FR\" \/>\n<meta property=\"og:type\" content=\"article\" \/>\n<meta property=\"og:title\" content=\"Correctores de Carencias Aplicaci\u00f3n Foliar - Fertix Nutrici\u00f3n Vegetal S.L.\" \/>\n<meta property=\"og:description\" content=\"Correctores de Carencias Microelementos para un plan de abono equilibradoCorrectores de carencias Los correctores de carencias de microelementos son un componente fundamental dentro de un plan de abonado equilibrado. Fertix Nutrici\u00f3n Vegetal ofrece microelementos quelatados, complejados e incluso acompa\u00f1ados con otros componentes como las algas, los \u00e1cidos policarbox\u00edlicos y los \u00e1cidos f\u00falvicos, para ofrecer la [&hellip;]\" \/>\n<meta property=\"og:url\" content=\"https:\/\/fertix.es\/fr\/productos\/correctores-de-carencias-aplicacion-foliar\/\" \/>\n<meta property=\"og:site_name\" content=\"Fertix Nutrici\u00f3n Vegetal S.L.\" \/>\n<meta property=\"article:modified_time\" content=\"2024-04-15T12:12:59+00:00\" \/>\n<meta name=\"twitter:card\" content=\"summary_large_image\" \/>\n<meta name=\"twitter:label1\" content=\"Dur\u00e9e de lecture estim\u00e9e\" \/>\n\t<meta name=\"twitter:data1\" content=\"8 minutes\" \/>\n<script type=\"application\/ld+json\" class=\"yoast-schema-graph\">{\"@context\":\"https:\/\/schema.org\",\"@graph\":[{\"@type\":\"WebPage\",\"@id\":\"https:\/\/fertix.es\/productos\/correctores-de-carencias-aplicacion-foliar\/\",\"url\":\"https:\/\/fertix.es\/productos\/correctores-de-carencias-aplicacion-foliar\/\",\"name\":\"Correctores de Carencias Aplicaci\u00f3n Foliar - Fertix Nutrici\u00f3n Vegetal S.L.\",\"isPartOf\":{\"@id\":\"https:\/\/fertix.es\/#website\"},\"datePublished\":\"2015-05-13T16:19:58+00:00\",\"dateModified\":\"2024-04-15T12:12:59+00:00\",\"breadcrumb\":{\"@id\":\"https:\/\/fertix.es\/productos\/correctores-de-carencias-aplicacion-foliar\/#breadcrumb\"},\"inLanguage\":\"fr-FR\",\"potentialAction\":[{\"@type\":\"ReadAction\",\"target\":[\"https:\/\/fertix.es\/productos\/correctores-de-carencias-aplicacion-foliar\/\"]}]},{\"@type\":\"BreadcrumbList\",\"@id\":\"https:\/\/fertix.es\/productos\/correctores-de-carencias-aplicacion-foliar\/#breadcrumb\",\"itemListElement\":[{\"@type\":\"ListItem\",\"position\":1,\"name\":\"Portada\",\"item\":\"https:\/\/fertix.es\/\"},{\"@type\":\"ListItem\",\"position\":2,\"name\":\"Productos\",\"item\":\"https:\/\/fertix.es\/productos\/\"},{\"@type\":\"ListItem\",\"position\":3,\"name\":\"Correctores de Carencias Aplicaci\u00f3n Foliar\"}]},{\"@type\":\"WebSite\",\"@id\":\"https:\/\/fertix.es\/#website\",\"url\":\"https:\/\/fertix.es\/\",\"name\":\"Fertix Nutrici\u00f3n Vegetal S.L.\",\"description\":\"Fertix, abonos y fertilizantes para plantaciones hortofrut\u00edcolas.\",\"potentialAction\":[{\"@type\":\"SearchAction\",\"target\":{\"@type\":\"EntryPoint\",\"urlTemplate\":\"https:\/\/fertix.es\/?s={search_term_string}\"},\"query-input\":{\"@type\":\"PropertyValueSpecification\",\"valueRequired\":true,\"valueName\":\"search_term_string\"}}],\"inLanguage\":\"fr-FR\"}]}<\/script>\n<!-- \/ Yoast SEO plugin. -->","yoast_head_json":{"title":"Correctores de Carencias Aplicaci\u00f3n Foliar - Fertix Nutrici\u00f3n Vegetal S.L.","robots":{"index":"index","follow":"follow","max-snippet":"max-snippet:-1","max-image-preview":"max-image-preview:large","max-video-preview":"max-video-preview:-1"},"canonical":"https:\/\/fertix.es\/fr\/productos\/correctores-de-carencias-aplicacion-foliar\/","og_locale":"fr_FR","og_type":"article","og_title":"Correctores de Carencias Aplicaci\u00f3n Foliar - Fertix Nutrici\u00f3n Vegetal S.L.","og_description":"Correctores de Carencias Microelementos para un plan de abono equilibradoCorrectores de carencias Los correctores de carencias de microelementos son un componente fundamental dentro de un plan de abonado equilibrado. Fertix Nutrici\u00f3n Vegetal ofrece microelementos quelatados, complejados e incluso acompa\u00f1ados con otros componentes como las algas, los \u00e1cidos policarbox\u00edlicos y los \u00e1cidos f\u00falvicos, para ofrecer la [&hellip;]","og_url":"https:\/\/fertix.es\/fr\/productos\/correctores-de-carencias-aplicacion-foliar\/","og_site_name":"Fertix Nutrici\u00f3n Vegetal S.L.","article_modified_time":"2024-04-15T12:12:59+00:00","twitter_card":"summary_large_image","twitter_misc":{"Dur\u00e9e de lecture estim\u00e9e":"8 minutes"},"schema":{"@context":"https:\/\/schema.org","@graph":[{"@type":"WebPage","@id":"https:\/\/fertix.es\/productos\/correctores-de-carencias-aplicacion-foliar\/","url":"https:\/\/fertix.es\/productos\/correctores-de-carencias-aplicacion-foliar\/","name":"Correctores de Carencias Aplicaci\u00f3n Foliar - Fertix Nutrici\u00f3n Vegetal S.L.","isPartOf":{"@id":"https:\/\/fertix.es\/#website"},"datePublished":"2015-05-13T16:19:58+00:00","dateModified":"2024-04-15T12:12:59+00:00","breadcrumb":{"@id":"https:\/\/fertix.es\/productos\/correctores-de-carencias-aplicacion-foliar\/#breadcrumb"},"inLanguage":"fr-FR","potentialAction":[{"@type":"ReadAction","target":["https:\/\/fertix.es\/productos\/correctores-de-carencias-aplicacion-foliar\/"]}]},{"@type":"BreadcrumbList","@id":"https:\/\/fertix.es\/productos\/correctores-de-carencias-aplicacion-foliar\/#breadcrumb","itemListElement":[{"@type":"ListItem","position":1,"name":"Portada","item":"https:\/\/fertix.es\/"},{"@type":"ListItem","position":2,"name":"Productos","item":"https:\/\/fertix.es\/productos\/"},{"@type":"ListItem","position":3,"name":"Correctores de Carencias Aplicaci\u00f3n Foliar"}]},{"@type":"WebSite","@id":"https:\/\/fertix.es\/#website","url":"https:\/\/fertix.es\/","name":"Fertix Nutrici\u00f3n Vegetal S.L.","description":"Fertix, engrais et fertilisants pour les plantations de fruits et l\u00e9gumes.","potentialAction":[{"@type":"SearchAction","target":{"@type":"EntryPoint","urlTemplate":"https:\/\/fertix.es\/?s={search_term_string}"},"query-input":{"@type":"PropertyValueSpecification","valueRequired":true,"valueName":"search_term_string"}}],"inLanguage":"fr-FR"}]}},"_links":{"self":[{"href":"https:\/\/fertix.es\/fr\/wp-json\/wp\/v2\/pages\/50","targetHints":{"allow":["GET"]}}],"collection":[{"href":"https:\/\/fertix.es\/fr\/wp-json\/wp\/v2\/pages"}],"about":[{"href":"https:\/\/fertix.es\/fr\/wp-json\/wp\/v2\/types\/page"}],"author":[{"embeddable":true,"href":"https:\/\/fertix.es\/fr\/wp-json\/wp\/v2\/users\/2"}],"replies":[{"embeddable":true,"href":"https:\/\/fertix.es\/fr\/wp-json\/wp\/v2\/comments?post=50"}],"version-history":[{"count":2,"href":"https:\/\/fertix.es\/fr\/wp-json\/wp\/v2\/pages\/50\/revisions"}],"predecessor-version":[{"id":4688,"href":"https:\/\/fertix.es\/fr\/wp-json\/wp\/v2\/pages\/50\/revisions\/4688"}],"up":[{"embeddable":true,"href":"https:\/\/fertix.es\/fr\/wp-json\/wp\/v2\/pages\/30"}],"wp:attachment":[{"href":"https:\/\/fertix.es\/fr\/wp-json\/wp\/v2\/media?parent=50"}],"curies":[{"name":"wp","href":"https:\/\/api.w.org\/{rel}","templated":true}]}}